  {"id":21328,"date":"2023-07-13T15:19:53","date_gmt":"2023-07-13T13:19:53","guid":{"rendered":"https:\/\/www.dbu.de\/projektdatenbank\/16615-01\/"},"modified":"2023-07-13T15:19:55","modified_gmt":"2023-07-13T13:19:55","slug":"16615-01","status":"publish","type":"projektdatenbank","link":"https:\/\/www.dbu.de\/en\/projektdatenbank\/16615-01\/","title":{"rendered":"Errichtung des Informationszentrums K\u00fcstenschutz vor Ort im Nationalpark-Haus Nieders\u00e4chsisches Wattenmeer Alte Schule Dangast"},"content":{"rendered":"<p>Zielsetzung und Anlass des Vorhabens<\/p>\n<p>Das Nationalpark-Haus Dangast ist eine vom Land Niedersachsen gef\u00f6rderte Bildungseinrichtung, das Wissen \u00fcber den Nationalpark Nieders\u00e4chsisches Wattenmeer vermittelt. Die bestehende Einrichtung sollte erg\u00e4nzt werden, indem das Thema Deichbau durch den III. Oldenburgischen Deichband eingebracht wird. Neubau und Umbauma\u00dfnahmen im bestehenden alten Geb\u00e4ude sollen Platz bieten f\u00fcr das Thema Deichbau sowie f\u00fcr die Entwicklung von Perspektiven eines Miteinander von Naturschutz und Deichbau.<\/p>\n<p>Darstellung der Arbeitsschritte und der angewandten MethodenDas Amt f\u00fcr Planung und Umweltschutz der Stadt Varel entwickelte im Zusammenwirken mit dem Bauamt bauliche Planungen, nach denen die beabsichtigte Kooperation mit dem Deichbau unter wissenschaftlicher Begleitung des Senckenberg-Institutes realisiert werden k\u00f6nnen. Es wurden F\u00f6rdermittel des Amtes f\u00fcr Agrarstruktur sowie der Umweltstiftung eingeworben.<br \/>\nEine Arbeitsgruppe aus Nationalpark-Verwaltung, Schutzgemeinschaft Deutsche Nordseek\u00fcste e.V., Senckenberg-Institut und Stadt Varel wurde gegr\u00fcndet, die ein Konzept f\u00fcr die Inneneinrichtung der neu nutzbaren R\u00e4umlichkeiten erarbeitet. Dabei werden sowohl kurzfristig herstellbare Ausstellungen etc. aufgezeigt als auch Perspektiven f\u00fcr ein noch publikumswirksameres Angebot.<\/p>\n<p>Ergebnisse und Diskussion<\/p>\n<p>Die Arbeitsgruppe Forum K\u00fcsten- und Naturschutz erarbeitete ein Konzept f\u00fcr die Nutzung des Geb\u00e4udekomplexes aus Altbau und Neubau. Die alte Tenne wurde zum neuen Haupteingang ausgebaut und mit Materialien versehen, die an die Geschichte des Hauses als alte Dorfschule erinnern und diese wieder lebendig machen. Die Besucher werden von der Betreuung des Nationalpark-Hauses an einem Empfangstresen begr\u00fc\u00dft und erhalten Orientierung. Zur einen Seite wird das Thema Naturschutz pr\u00e4sentiert (Altbau), zur anderen Seite der Schwerpunkt K\u00fcstenschutz (Neubau). Neben dem zentralen Empfangsbereich finden sich Themen der Ann\u00e4herung und der Diskussion zwischen Naturschutz und K\u00fcstenschutz.<\/p>\n<p>\u00d6ffentlichkeitsarbeit und Pr\u00e4sentation<\/p>\n<p>Die neuen R\u00e4umlichkeiten wurden der \u00d6ffentlichkeit am 15. M\u00e4rz 2002 zur Verf\u00fcgung gestellt. Die Er\u00f6ffnungsveranstaltung fand unter Mitwirkung des Nieders\u00e4chsischen Ministers f\u00fcr Umwelt Herrn Wolfgang J\u00fcttner statt.<\/p>\n<p>Fazit<\/p>\n<p>Durch die Unterst\u00fctzung der Umweltstiftung konnten die R\u00e4umlichkeiten im Nationalpark-Haus ganz erheblich erweitert werden. Die r\u00e4umliche Erweiterung geht mit einer inhaltlichen Erweiterung einher. Neben dem Thema Naturschutz im Nationalpark Nieders\u00e4chsisches Wattenmeer werden jetzt weitere Themen pr\u00e4sentiert. Der K\u00fcstenschutz wird dargestellt durch den III. Oldenburgischen Deichband, wissenschaftliche Erkenntnisse werden thematisiert durch das Senckenberg Institut.<br \/>\nDas Nationalpark-Haus in Dangast entwickelt ein eigenes unverwechselbares inhaltliches Profil.<\/p>\n","protected":false},"excerpt":{"rendered":"<p>Zielsetzung und Anlass des Vorhabens Das Nationalpark-Haus Dangast ist eine vom Land Niedersachsen gef\u00f6rderte Bildungseinrichtung, das Wissen \u00fcber den Nationalpark Nieders\u00e4chsisches Wattenmeer vermittelt. Die bestehende Einrichtung sollte erg\u00e4nzt werden, indem das Thema Deichbau durch den III. Oldenburgischen Deichband eingebracht wird. Neubau und Umbauma\u00dfnahmen im bestehenden alten Geb\u00e4ude sollen Platz bieten f\u00fcr das Thema Deichbau sowie [&hellip;]<\/p>\n","protected":false},"author":1,"featured_media":0,"template":"","meta":{"footnotes":""},"categories":[],"tags":[50,64,2423],"class_list":["post-21328","projektdatenbank","type-projektdatenbank","status-publish","hentry","tag-naturschutz","tag-niedersachsen","tag-umweltkommunikation"],"meta_box":{"dbu_projektdatenbank_az_ges":"16615\/01","dbu_projektdatenbank_medien":"","dbu_projektdatenbank_pdfdatei":"A-16615-ki.pdf","dbu_projektdatenbank_bsumme":"98.168,04","dbu_projektdatenbank_firma":"Stadt Varel","dbu_projektdatenbank_strasse":"","dbu_projektdatenbank_plz_str":"26306","dbu_projektdatenbank_ort_str":"Varel","dbu_projektdatenbank_p_von":"1999-06-04 00:00:00","dbu_projektdatenbank_p_bis":"2003-02-28 00:00:00","dbu_projektdatenbank_laufzeit":"3 Jahre und 9 Monate","dbu_projektdatenbank_telefon":"04451\/126-260","dbu_projektdatenbank_inet":"","dbu_projektdatenbank_bundesland":"Niedersachsen","dbu_projektdatenbank_foerderber":"56","dbu_projektdatenbank_ab_bericht":"","dbu_projektdatenbank_ist_nachbewilligung_von":"","dbu_projektdatenbank_hat_nachbewilligung":"","dbu_headerimage_cover":"","dbu_submenu":"","dbu_submenu_position":"","dbu_submenu_entry":[]},"_links":{"self":[{"href":"https:\/\/www.dbu.de\/en\/wp-json\/wp\/v2\/projektdatenbank\/21328","targetHints":{"allow":["GET"]}}],"collection":[{"href":"https:\/\/www.dbu.de\/en\/wp-json\/wp\/v2\/projektdatenbank"}],"about":[{"href":"https:\/\/www.dbu.de\/en\/wp-json\/wp\/v2\/types\/projektdatenbank"}],"author":[{"embeddable":true,"href":"https:\/\/www.dbu.de\/en\/wp-json\/wp\/v2\/users\/1"}],"version-history":[{"count":1,"href":"https:\/\/www.dbu.de\/en\/wp-json\/wp\/v2\/projektdatenbank\/21328\/revisions"}],"predecessor-version":[{"id":34331,"href":"https:\/\/www.dbu.de\/en\/wp-json\/wp\/v2\/projektdatenbank\/21328\/revisions\/34331"}],"wp:attachment":[{"href":"https:\/\/www.dbu.de\/en\/wp-json\/wp\/v2\/media?parent=21328"}],"wp:term":[{"taxonomy":"category","embeddable":true,"href":"https:\/\/www.dbu.de\/en\/wp-json\/wp\/v2\/categories?post=21328"},{"taxonomy":"post_tag","embeddable":true,"href":"https:\/\/www.dbu.de\/en\/wp-json\/wp\/v2\/tags?post=21328"}],"curies":[{"name":"wp","href":"https:\/\/api.w.org\/{rel}","templated":true}]}}